{"id":1038,"date":"2023-09-16T14:19:39","date_gmt":"2023-09-16T17:19:39","guid":{"rendered":"https:\/\/templates.loguei.com\/inst02cont\/?post_type=service&#038;p=1038"},"modified":"2023-09-16T14:21:10","modified_gmt":"2023-09-16T17:21:10","slug":"planejamento-tributario","status":"publish","type":"service","link":"https:\/\/templates.loguei.com\/inst02cont\/servico\/planejamento-tributario\/","title":{"rendered":"Planejamento Tribut\u00e1rio"},"content":{"rendered":"\n<p>An\u00e1lise e identifica\u00e7\u00e3o de oportunidades legais para otimiza\u00e7\u00e3o da carga tribut\u00e1ria da empresa, buscando a redu\u00e7\u00e3o de custos fiscais de forma estrat\u00e9gica.<\/p>\n","protected":false},"excerpt":{"rendered":"<p>An\u00e1lise e identifica\u00e7\u00e3o de oportunidades legais para otimiza\u00e7\u00e3o da carga tribut\u00e1ria da empresa, buscando a redu\u00e7\u00e3o de custos fiscais de forma estrat\u00e9gica.<\/p>\n","protected":false},"featured_media":1046,"template":"","service_cat":[],"class_list":["post-1038","service","type-service","status-publish","has-post-thumbnail","hentry"],"blocksy_meta":[],"yoast_head":"<!-- This site is optimized with the Yoast SEO plugin v23.4 - https:\/\/yoast.com\/wordpress\/plugins\/seo\/ -->\n<title>Planejamento Tribut\u00e1rio - Loguei - INST02CONT<\/title>\n<meta name=\"robots\" content=\"index, follow, max-snippet:-1, max-image-preview:large, max-video-preview:-1\" \/>\n<link rel=\"canonical\" href=\"https:\/\/templates.loguei.com\/inst02cont\/servico\/planejamento-tributario\/\" \/>\n<meta property=\"og:locale\" content=\"pt_BR\" \/>\n<meta property=\"og:type\" content=\"article\" \/>\n<meta property=\"og:title\" content=\"Planejamento Tribut\u00e1rio - Loguei - INST02CONT\" \/>\n<meta property=\"og:description\" content=\"An\u00e1lise e identifica\u00e7\u00e3o de oportunidades legais para otimiza\u00e7\u00e3o da carga tribut\u00e1ria da empresa, buscando a redu\u00e7\u00e3o de custos fiscais de forma estrat\u00e9gica.\" \/>\n<meta property=\"og:url\" content=\"https:\/\/templates.loguei.com\/inst02cont\/servico\/planejamento-tributario\/\" \/>\n<meta property=\"og:site_name\" content=\"Loguei - INST02CONT\" \/>\n<meta property=\"article:modified_time\" content=\"2023-09-16T17:21:10+00:00\" \/>\n<meta property=\"og:image\" content=\"https:\/\/templates.loguei.com\/inst02cont\/wp-content\/uploads\/2023\/09\/0b6d60216594396b341cb2062233672d.jpg\" \/>\n\t<meta property=\"og:image:width\" content=\"640\" \/>\n\t<meta property=\"og:image:height\" content=\"360\" \/>\n\t<meta property=\"og:image:type\" content=\"image\/jpeg\" \/>\n<meta name=\"twitter:card\" content=\"summary_large_image\" \/>\n<script type=\"application\/ld+json\" class=\"yoast-schema-graph\">{\"@context\":\"https:\/\/schema.org\",\"@graph\":[{\"@type\":\"WebPage\",\"@id\":\"https:\/\/templates.loguei.com\/inst02cont\/servico\/planejamento-tributario\/\",\"url\":\"https:\/\/templates.loguei.com\/inst02cont\/servico\/planejamento-tributario\/\",\"name\":\"Planejamento Tribut\u00e1rio - Loguei - INST02CONT\",\"isPartOf\":{\"@id\":\"https:\/\/templates.loguei.com\/inst02cont\/#website\"},\"primaryImageOfPage\":{\"@id\":\"https:\/\/templates.loguei.com\/inst02cont\/servico\/planejamento-tributario\/#primaryimage\"},\"image\":{\"@id\":\"https:\/\/templates.loguei.com\/inst02cont\/servico\/planejamento-tributario\/#primaryimage\"},\"thumbnailUrl\":\"https:\/\/templates.loguei.com\/inst02cont\/wp-content\/uploads\/2023\/09\/0b6d60216594396b341cb2062233672d.jpg\",\"datePublished\":\"2023-09-16T17:19:39+00:00\",\"dateModified\":\"2023-09-16T17:21:10+00:00\",\"breadcrumb\":{\"@id\":\"https:\/\/templates.loguei.com\/inst02cont\/servico\/planejamento-tributario\/#breadcrumb\"},\"inLanguage\":\"pt-BR\",\"potentialAction\":[{\"@type\":\"ReadAction\",\"target\":[\"https:\/\/templates.loguei.com\/inst02cont\/servico\/planejamento-tributario\/\"]}]},{\"@type\":\"ImageObject\",\"inLanguage\":\"pt-BR\",\"@id\":\"https:\/\/templates.loguei.com\/inst02cont\/servico\/planejamento-tributario\/#primaryimage\",\"url\":\"https:\/\/templates.loguei.com\/inst02cont\/wp-content\/uploads\/2023\/09\/0b6d60216594396b341cb2062233672d.jpg\",\"contentUrl\":\"https:\/\/templates.loguei.com\/inst02cont\/wp-content\/uploads\/2023\/09\/0b6d60216594396b341cb2062233672d.jpg\",\"width\":640,\"height\":360},{\"@type\":\"BreadcrumbList\",\"@id\":\"https:\/\/templates.loguei.com\/inst02cont\/servico\/planejamento-tributario\/#breadcrumb\",\"itemListElement\":[{\"@type\":\"ListItem\",\"position\":1,\"name\":\"In\u00edcio\",\"item\":\"https:\/\/templates.loguei.com\/inst02cont\/\"},{\"@type\":\"ListItem\",\"position\":2,\"name\":\"Servi\u00e7os\",\"item\":\"https:\/\/templates.loguei.com\/inst02cont\/servicos\/\"},{\"@type\":\"ListItem\",\"position\":3,\"name\":\"Planejamento Tribut\u00e1rio\"}]},{\"@type\":\"WebSite\",\"@id\":\"https:\/\/templates.loguei.com\/inst02cont\/#website\",\"url\":\"https:\/\/templates.loguei.com\/inst02cont\/\",\"name\":\"Loguei - INST02CONT\",\"description\":\"\",\"publisher\":{\"@id\":\"https:\/\/templates.loguei.com\/inst02cont\/#organization\"},\"potentialAction\":[{\"@type\":\"SearchAction\",\"target\":{\"@type\":\"EntryPoint\",\"urlTemplate\":\"https:\/\/templates.loguei.com\/inst02cont\/?s={search_term_string}\"},\"query-input\":{\"@type\":\"PropertyValueSpecification\",\"valueRequired\":true,\"valueName\":\"search_term_string\"}}],\"inLanguage\":\"pt-BR\"},{\"@type\":\"Organization\",\"@id\":\"https:\/\/templates.loguei.com\/inst02cont\/#organization\",\"name\":\"Loguei - INST02CONT\",\"url\":\"https:\/\/templates.loguei.com\/inst02cont\/\",\"logo\":{\"@type\":\"ImageObject\",\"inLanguage\":\"pt-BR\",\"@id\":\"https:\/\/templates.loguei.com\/inst02cont\/#\/schema\/logo\/image\/\",\"url\":\"https:\/\/templates.loguei.com\/inst02cont\/wp-content\/uploads\/2023\/07\/Logotipo-contabilidade-minimalista-azul.png\",\"contentUrl\":\"https:\/\/templates.loguei.com\/inst02cont\/wp-content\/uploads\/2023\/07\/Logotipo-contabilidade-minimalista-azul.png\",\"width\":627,\"height\":180,\"caption\":\"Loguei - INST02CONT\"},\"image\":{\"@id\":\"https:\/\/templates.loguei.com\/inst02cont\/#\/schema\/logo\/image\/\"}}]}<\/script>\n<!-- \/ Yoast SEO plugin. -->","yoast_head_json":{"title":"Planejamento Tribut\u00e1rio - Loguei - INST02CONT","robots":{"index":"index","follow":"follow","max-snippet":"max-snippet:-1","max-image-preview":"max-image-preview:large","max-video-preview":"max-video-preview:-1"},"canonical":"https:\/\/templates.loguei.com\/inst02cont\/servico\/planejamento-tributario\/","og_locale":"pt_BR","og_type":"article","og_title":"Planejamento Tribut\u00e1rio - Loguei - INST02CONT","og_description":"An\u00e1lise e identifica\u00e7\u00e3o de oportunidades legais para otimiza\u00e7\u00e3o da carga tribut\u00e1ria da empresa, buscando a redu\u00e7\u00e3o de custos fiscais de forma estrat\u00e9gica.","og_url":"https:\/\/templates.loguei.com\/inst02cont\/servico\/planejamento-tributario\/","og_site_name":"Loguei - INST02CONT","article_modified_time":"2023-09-16T17:21:10+00:00","og_image":[{"width":640,"height":360,"url":"https:\/\/templates.loguei.com\/inst02cont\/wp-content\/uploads\/2023\/09\/0b6d60216594396b341cb2062233672d.jpg","type":"image\/jpeg"}],"twitter_card":"summary_large_image","schema":{"@context":"https:\/\/schema.org","@graph":[{"@type":"WebPage","@id":"https:\/\/templates.loguei.com\/inst02cont\/servico\/planejamento-tributario\/","url":"https:\/\/templates.loguei.com\/inst02cont\/servico\/planejamento-tributario\/","name":"Planejamento Tribut\u00e1rio - Loguei - INST02CONT","isPartOf":{"@id":"https:\/\/templates.loguei.com\/inst02cont\/#website"},"primaryImageOfPage":{"@id":"https:\/\/templates.loguei.com\/inst02cont\/servico\/planejamento-tributario\/#primaryimage"},"image":{"@id":"https:\/\/templates.loguei.com\/inst02cont\/servico\/planejamento-tributario\/#primaryimage"},"thumbnailUrl":"https:\/\/templates.loguei.com\/inst02cont\/wp-content\/uploads\/2023\/09\/0b6d60216594396b341cb2062233672d.jpg","datePublished":"2023-09-16T17:19:39+00:00","dateModified":"2023-09-16T17:21:10+00:00","breadcrumb":{"@id":"https:\/\/templates.loguei.com\/inst02cont\/servico\/planejamento-tributario\/#breadcrumb"},"inLanguage":"pt-BR","potentialAction":[{"@type":"ReadAction","target":["https:\/\/templates.loguei.com\/inst02cont\/servico\/planejamento-tributario\/"]}]},{"@type":"ImageObject","inLanguage":"pt-BR","@id":"https:\/\/templates.loguei.com\/inst02cont\/servico\/planejamento-tributario\/#primaryimage","url":"https:\/\/templates.loguei.com\/inst02cont\/wp-content\/uploads\/2023\/09\/0b6d60216594396b341cb2062233672d.jpg","contentUrl":"https:\/\/templates.loguei.com\/inst02cont\/wp-content\/uploads\/2023\/09\/0b6d60216594396b341cb2062233672d.jpg","width":640,"height":360},{"@type":"BreadcrumbList","@id":"https:\/\/templates.loguei.com\/inst02cont\/servico\/planejamento-tributario\/#breadcrumb","itemListElement":[{"@type":"ListItem","position":1,"name":"In\u00edcio","item":"https:\/\/templates.loguei.com\/inst02cont\/"},{"@type":"ListItem","position":2,"name":"Servi\u00e7os","item":"https:\/\/templates.loguei.com\/inst02cont\/servicos\/"},{"@type":"ListItem","position":3,"name":"Planejamento Tribut\u00e1rio"}]},{"@type":"WebSite","@id":"https:\/\/templates.loguei.com\/inst02cont\/#website","url":"https:\/\/templates.loguei.com\/inst02cont\/","name":"Loguei - INST02CONT","description":"","publisher":{"@id":"https:\/\/templates.loguei.com\/inst02cont\/#organization"},"potentialAction":[{"@type":"SearchAction","target":{"@type":"EntryPoint","urlTemplate":"https:\/\/templates.loguei.com\/inst02cont\/?s={search_term_string}"},"query-input":{"@type":"PropertyValueSpecification","valueRequired":true,"valueName":"search_term_string"}}],"inLanguage":"pt-BR"},{"@type":"Organization","@id":"https:\/\/templates.loguei.com\/inst02cont\/#organization","name":"Loguei - INST02CONT","url":"https:\/\/templates.loguei.com\/inst02cont\/","logo":{"@type":"ImageObject","inLanguage":"pt-BR","@id":"https:\/\/templates.loguei.com\/inst02cont\/#\/schema\/logo\/image\/","url":"https:\/\/templates.loguei.com\/inst02cont\/wp-content\/uploads\/2023\/07\/Logotipo-contabilidade-minimalista-azul.png","contentUrl":"https:\/\/templates.loguei.com\/inst02cont\/wp-content\/uploads\/2023\/07\/Logotipo-contabilidade-minimalista-azul.png","width":627,"height":180,"caption":"Loguei - INST02CONT"},"image":{"@id":"https:\/\/templates.loguei.com\/inst02cont\/#\/schema\/logo\/image\/"}}]}},"_links":{"self":[{"href":"https:\/\/templates.loguei.com\/inst02cont\/wp-json\/wp\/v2\/service\/1038","targetHints":{"allow":["GET"]}}],"collection":[{"href":"https:\/\/templates.loguei.com\/inst02cont\/wp-json\/wp\/v2\/service"}],"about":[{"href":"https:\/\/templates.loguei.com\/inst02cont\/wp-json\/wp\/v2\/types\/service"}],"version-history":[{"count":1,"href":"https:\/\/templates.loguei.com\/inst02cont\/wp-json\/wp\/v2\/service\/1038\/revisions"}],"predecessor-version":[{"id":1039,"href":"https:\/\/templates.loguei.com\/inst02cont\/wp-json\/wp\/v2\/service\/1038\/revisions\/1039"}],"wp:featuredmedia":[{"embeddable":true,"href":"https:\/\/templates.loguei.com\/inst02cont\/wp-json\/wp\/v2\/media\/1046"}],"wp:attachment":[{"href":"https:\/\/templates.loguei.com\/inst02cont\/wp-json\/wp\/v2\/media?parent=1038"}],"wp:term":[{"taxonomy":"service_cat","embeddable":true,"href":"https:\/\/templates.loguei.com\/inst02cont\/wp-json\/wp\/v2\/service_cat?post=1038"}],"curies":[{"name":"wp","href":"https:\/\/api.w.org\/{rel}","templated":true}]}}