{"id":3,"date":"2023-07-02T13:34:10","date_gmt":"2023-07-02T13:34:10","guid":{"rendered":"https:\/\/templates.loguei.com\/inst02cont\/?page_id=3"},"modified":"2023-09-18T08:45:44","modified_gmt":"2023-09-18T11:45:44","slug":"politica-de-privacidade","status":"publish","type":"page","link":"https:\/\/templates.loguei.com\/inst02cont\/politica-de-privacidade\/","title":{"rendered":"Pol\u00edtica de Privacidade"},"content":{"rendered":"\r\n<p>Esta Pol\u00edtica de Privacidade descreve como s\u00e3o coletados, utilizados e protegidos os dados pessoais dos usu\u00e1rios deste site. \u00c9 importante ler atentamente esta pol\u00edtica antes de utilizar o site ou fornecer qualquer informa\u00e7\u00e3o pessoal. Ao utilizar o site, voc\u00ea concorda com as pr\u00e1ticas descritas nesta Pol\u00edtica de Privacidade.<\/p>\r\n\r\n\r\n\r\n<h2 class=\"wp-block-heading\">Coleta de Dados<\/h2>\r\n\r\n\r\n\r\n<p>Este site utiliza cookies, que s\u00e3o pequenos arquivos de texto armazenados no seu dispositivo, para aprimorar a experi\u00eancia de navega\u00e7\u00e3o. Os cookies utilizados pelo site n\u00e3o te idenficam nem te rastreiam. S\u00e3o usados apenas para manter o funcionamento adequado do site. Al\u00e9m disso, podem ser utilizados cookies adicionados por sistemas de an\u00e1lise e marketing, como o Google Analytics, para coletar informa\u00e7\u00f5es sobre o uso do site e para melhorar a experi\u00eancia do usu\u00e1rio. Estes cookies tamb\u00e9m n\u00e3o te identificam e as informa\u00e7\u00f5es enviadas s\u00e3o an\u00f4nimas.<\/p>\r\n\r\n\r\n\r\n<p>Al\u00e9m dos cookies, este site tamb\u00e9m coleta informa\u00e7\u00f5es pessoais fornecidas pelo pr\u00f3prio usu\u00e1rio por meio dos formul\u00e1rios de contato dispon\u00edveis no site. Essas informa\u00e7\u00f5es podem incluir nome, endere\u00e7o de e-mail, n\u00famero de telefone e outras informa\u00e7\u00f5es relevantes para atender \u00e0 solicita\u00e7\u00e3o enviada.<\/p>\r\n\r\n\r\n\r\n<h2 class=\"wp-block-heading\">Uso dos Dados<\/h2>\r\n\r\n\r\n\r\n<p>As informa\u00e7\u00f5es pessoais fornecidas pelo usu\u00e1rio s\u00e3o utilizadas exclusivamente para os fins pelos quais foram fornecidas, como responder a consultas, fornecer informa\u00e7\u00f5es solicitadas, processar pedidos ou prestar suporte t\u00e9cnico. Esses dados tamb\u00e9m podem ser utilizados para melhorar os servi\u00e7os e a experi\u00eancia do usu\u00e1rio neste site.<\/p>\r\n\r\n\r\n\r\n<h2 class=\"wp-block-heading\">Prote\u00e7\u00e3o dos Dados<\/h2>\r\n\r\n\r\n\r\n<p>A empresa se compromete a tomar medidas razo\u00e1veis para proteger as informa\u00e7\u00f5es pessoais dos usu\u00e1rios contra acesso n\u00e3o autorizado, divulga\u00e7\u00e3o, altera\u00e7\u00e3o ou destrui\u00e7\u00e3o. S\u00e3o adotadas pr\u00e1ticas de seguran\u00e7a, como criptografia de dados, para proteger as informa\u00e7\u00f5es fornecidas.<\/p>\r\n\r\n\r\n\r\n<h2 class=\"wp-block-heading\">Compartilhamento de Dados<\/h2>\r\n\r\n\r\n\r\n<p>N\u00e3o compartilhamos, vendemos, alugamos ou divulgamos as informa\u00e7\u00f5es pessoais dos usu\u00e1rios a terceiros, exceto nas seguintes circunst\u00e2ncias:<\/p>\r\n\r\n\r\n\r\n<ol class=\"wp-block-list\">\r\n<li>Compartilhamento com prestadores de servi\u00e7os: A empresa pode compartilhar as informa\u00e7\u00f5es pessoais com prestadores de servi\u00e7os terceirizados que auxiliam no atendimento ou na execu\u00e7\u00e3o das solicita\u00e7\u00f5es enviadas pelos usu\u00e1rios. Esses prestadores de servi\u00e7os t\u00eam acesso limitado \u00e0s informa\u00e7\u00f5es pessoais necess\u00e1rias para realizar suas fun\u00e7\u00f5es, e s\u00e3o obrigados a proteger a confidencialidade dessas informa\u00e7\u00f5es.<\/li>\r\n\r\n\r\n\r\n<li>Colaboradores relacionados \u00e0 manuten\u00e7\u00e3o do site e dos sistemas: A empresa pode compartilhar as informa\u00e7\u00f5es pessoais com colaboradores que est\u00e3o envolvidos na manuten\u00e7\u00e3o do site e dos sistemas da empresa. Esses colaboradores t\u00eam acesso limitado \u00e0s informa\u00e7\u00f5es pessoais necess\u00e1rias para desempenhar suas fun\u00e7\u00f5es, e s\u00e3o obrigados a proteger a confidencialidade dessas informa\u00e7\u00f5es.<\/li>\r\n<\/ol>\r\n\r\n\r\n\r\n<h2 class=\"wp-block-heading\">Conte\u00fado incorporado de outros sites<\/h2>\r\n\r\n\r\n\r\n<p>Os artigos deste site podem incluir conte\u00fado incorporado (por exemplo, v\u00eddeos, imagens, artigos etc.). O conte\u00fado incorporado de outros sites se comporta exatamente da mesma maneira como se o visitante tivesse visitado o outro site.<\/p>\r\n\r\n\r\n\r\n<p>Esses sites podem coletar dados sobre voc\u00ea, usar cookies, incorporar rastreamento adicional de terceiros e monitorar sua intera\u00e7\u00e3o com esse conte\u00fado incorporado, incluindo o rastreamento de sua intera\u00e7\u00e3o com o conte\u00fado incorporado se voc\u00ea tiver uma conta e estiver conectado a esse site.<\/p>\r\n\r\n\r\n\r\n<h2 class=\"wp-block-heading\">Reten\u00e7\u00e3o dos Dados<\/h2>\r\n\r\n\r\n\r\n<p>As informa\u00e7\u00f5es pessoais fornecidas pelos usu\u00e1rios ser\u00e3o retidas pelo tempo necess\u00e1rio para cumprir os prop\u00f3sitos pelos quais foram coletadas, a menos que uma reten\u00e7\u00e3o mais longa seja necess\u00e1ria ou permitida por lei.<\/p>\r\n\r\n\r\n\r\n<h2 class=\"wp-block-heading\">Direitos dos Usu\u00e1rios<\/h2>\r\n\r\n\r\n\r\n<p>Os usu\u00e1rios t\u00eam o direito de acessar, corrigir, atualizar ou excluir suas informa\u00e7\u00f5es pessoais fornecidas neste site. Se desejarem exercer esses direitos, devem entrar em contato conosco por meio dos canais fornecidos neste site.<\/p>\r\n\r\n\r\n\r\n<h2 class=\"wp-block-heading\">Altera\u00e7\u00f5es nesta Pol\u00edtica de Privacidade<\/h2>\r\n\r\n\r\n\r\n<p>Esta Pol\u00edtica de Privacidade pode ser atualizada periodicamente para refletir eventuais altera\u00e7\u00f5es nas pr\u00e1ticas de privacidade. Recomendamos que os usu\u00e1rios revisem regularmente esta p\u00e1gina para se manterem informados sobre as pr\u00e1ticas de privacidade adotadas.<\/p>\r\n\r\n\r\n\r\n<h2 class=\"wp-block-heading\">Entre em Contato<\/h2>\r\n\r\n\r\n\r\n<p>Se voc\u00ea tiver alguma d\u00favida sobre esta Pol\u00edtica de Privacidade ou sobre as pr\u00e1ticas de privacidade deste site, entre em contato conosco por meio dos canais fornecidos neste site.<\/p>\r\n","protected":false},"excerpt":{"rendered":"<p>Esta Pol\u00edtica de Privacidade descreve como s\u00e3o coletados, utilizados e protegidos os dados pessoais dos usu\u00e1rios deste site. \u00c9 importante ler atentamente esta pol\u00edtica antes de utilizar o site ou fornecer qualquer informa\u00e7\u00e3o pessoal. Ao utilizar o site, voc\u00ea concorda com as pr\u00e1ticas descritas nesta Pol\u00edtica de Privacidade. Coleta de Dados Este site utiliza cookies, [&hellip;]<\/p>\n","protected":false},"author":1,"featured_media":0,"parent":0,"menu_order":0,"comment_status":"closed","ping_status":"open","template":"","meta":{"footnotes":""},"class_list":["post-3","page","type-page","status-publish","hentry"],"blocksy_meta":[],"yoast_head":"<!-- This site is optimized with the Yoast SEO plugin v23.4 - https:\/\/yoast.com\/wordpress\/plugins\/seo\/ -->\n<title>Pol\u00edtica de Privacidade - Loguei - INST02CONT<\/title>\n<meta name=\"robots\" content=\"index, follow, max-snippet:-1, max-image-preview:large, max-video-preview:-1\" \/>\n<link rel=\"canonical\" href=\"https:\/\/templates.loguei.com\/inst02cont\/politica-de-privacidade\/\" \/>\n<meta property=\"og:locale\" content=\"pt_BR\" \/>\n<meta property=\"og:type\" content=\"article\" \/>\n<meta property=\"og:title\" content=\"Pol\u00edtica de Privacidade - Loguei - INST02CONT\" \/>\n<meta property=\"og:description\" content=\"Esta Pol\u00edtica de Privacidade descreve como s\u00e3o coletados, utilizados e protegidos os dados pessoais dos usu\u00e1rios deste site. \u00c9 importante ler atentamente esta pol\u00edtica antes de utilizar o site ou fornecer qualquer informa\u00e7\u00e3o pessoal. Ao utilizar o site, voc\u00ea concorda com as pr\u00e1ticas descritas nesta Pol\u00edtica de Privacidade. Coleta de Dados Este site utiliza cookies, [&hellip;]\" \/>\n<meta property=\"og:url\" content=\"https:\/\/templates.loguei.com\/inst02cont\/politica-de-privacidade\/\" \/>\n<meta property=\"og:site_name\" content=\"Loguei - INST02CONT\" \/>\n<meta property=\"article:modified_time\" content=\"2023-09-18T11:45:44+00:00\" \/>\n<meta name=\"twitter:card\" content=\"summary_large_image\" \/>\n<meta name=\"twitter:label1\" content=\"Est. tempo de leitura\" \/>\n\t<meta name=\"twitter:data1\" content=\"4 minutos\" \/>\n<script type=\"application\/ld+json\" class=\"yoast-schema-graph\">{\"@context\":\"https:\/\/schema.org\",\"@graph\":[{\"@type\":\"WebPage\",\"@id\":\"https:\/\/templates.loguei.com\/inst02cont\/politica-de-privacidade\/\",\"url\":\"https:\/\/templates.loguei.com\/inst02cont\/politica-de-privacidade\/\",\"name\":\"Pol\u00edtica de Privacidade - Loguei - INST02CONT\",\"isPartOf\":{\"@id\":\"https:\/\/templates.loguei.com\/inst02cont\/#website\"},\"datePublished\":\"2023-07-02T13:34:10+00:00\",\"dateModified\":\"2023-09-18T11:45:44+00:00\",\"breadcrumb\":{\"@id\":\"https:\/\/templates.loguei.com\/inst02cont\/politica-de-privacidade\/#breadcrumb\"},\"inLanguage\":\"pt-BR\",\"potentialAction\":[{\"@type\":\"ReadAction\",\"target\":[\"https:\/\/templates.loguei.com\/inst02cont\/politica-de-privacidade\/\"]}]},{\"@type\":\"BreadcrumbList\",\"@id\":\"https:\/\/templates.loguei.com\/inst02cont\/politica-de-privacidade\/#breadcrumb\",\"itemListElement\":[{\"@type\":\"ListItem\",\"position\":1,\"name\":\"In\u00edcio\",\"item\":\"https:\/\/templates.loguei.com\/inst02cont\/\"},{\"@type\":\"ListItem\",\"position\":2,\"name\":\"Pol\u00edtica de Privacidade\"}]},{\"@type\":\"WebSite\",\"@id\":\"https:\/\/templates.loguei.com\/inst02cont\/#website\",\"url\":\"https:\/\/templates.loguei.com\/inst02cont\/\",\"name\":\"Loguei - INST02CONT\",\"description\":\"\",\"publisher\":{\"@id\":\"https:\/\/templates.loguei.com\/inst02cont\/#organization\"},\"potentialAction\":[{\"@type\":\"SearchAction\",\"target\":{\"@type\":\"EntryPoint\",\"urlTemplate\":\"https:\/\/templates.loguei.com\/inst02cont\/?s={search_term_string}\"},\"query-input\":{\"@type\":\"PropertyValueSpecification\",\"valueRequired\":true,\"valueName\":\"search_term_string\"}}],\"inLanguage\":\"pt-BR\"},{\"@type\":\"Organization\",\"@id\":\"https:\/\/templates.loguei.com\/inst02cont\/#organization\",\"name\":\"Loguei - INST02CONT\",\"url\":\"https:\/\/templates.loguei.com\/inst02cont\/\",\"logo\":{\"@type\":\"ImageObject\",\"inLanguage\":\"pt-BR\",\"@id\":\"https:\/\/templates.loguei.com\/inst02cont\/#\/schema\/logo\/image\/\",\"url\":\"https:\/\/templates.loguei.com\/inst02cont\/wp-content\/uploads\/2023\/07\/Logotipo-contabilidade-minimalista-azul.png\",\"contentUrl\":\"https:\/\/templates.loguei.com\/inst02cont\/wp-content\/uploads\/2023\/07\/Logotipo-contabilidade-minimalista-azul.png\",\"width\":627,\"height\":180,\"caption\":\"Loguei - INST02CONT\"},\"image\":{\"@id\":\"https:\/\/templates.loguei.com\/inst02cont\/#\/schema\/logo\/image\/\"}}]}<\/script>\n<!-- \/ Yoast SEO plugin. -->","yoast_head_json":{"title":"Pol\u00edtica de Privacidade - Loguei - INST02CONT","robots":{"index":"index","follow":"follow","max-snippet":"max-snippet:-1","max-image-preview":"max-image-preview:large","max-video-preview":"max-video-preview:-1"},"canonical":"https:\/\/templates.loguei.com\/inst02cont\/politica-de-privacidade\/","og_locale":"pt_BR","og_type":"article","og_title":"Pol\u00edtica de Privacidade - Loguei - INST02CONT","og_description":"Esta Pol\u00edtica de Privacidade descreve como s\u00e3o coletados, utilizados e protegidos os dados pessoais dos usu\u00e1rios deste site. \u00c9 importante ler atentamente esta pol\u00edtica antes de utilizar o site ou fornecer qualquer informa\u00e7\u00e3o pessoal. Ao utilizar o site, voc\u00ea concorda com as pr\u00e1ticas descritas nesta Pol\u00edtica de Privacidade. Coleta de Dados Este site utiliza cookies, [&hellip;]","og_url":"https:\/\/templates.loguei.com\/inst02cont\/politica-de-privacidade\/","og_site_name":"Loguei - INST02CONT","article_modified_time":"2023-09-18T11:45:44+00:00","twitter_card":"summary_large_image","twitter_misc":{"Est. tempo de leitura":"4 minutos"},"schema":{"@context":"https:\/\/schema.org","@graph":[{"@type":"WebPage","@id":"https:\/\/templates.loguei.com\/inst02cont\/politica-de-privacidade\/","url":"https:\/\/templates.loguei.com\/inst02cont\/politica-de-privacidade\/","name":"Pol\u00edtica de Privacidade - Loguei - INST02CONT","isPartOf":{"@id":"https:\/\/templates.loguei.com\/inst02cont\/#website"},"datePublished":"2023-07-02T13:34:10+00:00","dateModified":"2023-09-18T11:45:44+00:00","breadcrumb":{"@id":"https:\/\/templates.loguei.com\/inst02cont\/politica-de-privacidade\/#breadcrumb"},"inLanguage":"pt-BR","potentialAction":[{"@type":"ReadAction","target":["https:\/\/templates.loguei.com\/inst02cont\/politica-de-privacidade\/"]}]},{"@type":"BreadcrumbList","@id":"https:\/\/templates.loguei.com\/inst02cont\/politica-de-privacidade\/#breadcrumb","itemListElement":[{"@type":"ListItem","position":1,"name":"In\u00edcio","item":"https:\/\/templates.loguei.com\/inst02cont\/"},{"@type":"ListItem","position":2,"name":"Pol\u00edtica de Privacidade"}]},{"@type":"WebSite","@id":"https:\/\/templates.loguei.com\/inst02cont\/#website","url":"https:\/\/templates.loguei.com\/inst02cont\/","name":"Loguei - INST02CONT","description":"","publisher":{"@id":"https:\/\/templates.loguei.com\/inst02cont\/#organization"},"potentialAction":[{"@type":"SearchAction","target":{"@type":"EntryPoint","urlTemplate":"https:\/\/templates.loguei.com\/inst02cont\/?s={search_term_string}"},"query-input":{"@type":"PropertyValueSpecification","valueRequired":true,"valueName":"search_term_string"}}],"inLanguage":"pt-BR"},{"@type":"Organization","@id":"https:\/\/templates.loguei.com\/inst02cont\/#organization","name":"Loguei - INST02CONT","url":"https:\/\/templates.loguei.com\/inst02cont\/","logo":{"@type":"ImageObject","inLanguage":"pt-BR","@id":"https:\/\/templates.loguei.com\/inst02cont\/#\/schema\/logo\/image\/","url":"https:\/\/templates.loguei.com\/inst02cont\/wp-content\/uploads\/2023\/07\/Logotipo-contabilidade-minimalista-azul.png","contentUrl":"https:\/\/templates.loguei.com\/inst02cont\/wp-content\/uploads\/2023\/07\/Logotipo-contabilidade-minimalista-azul.png","width":627,"height":180,"caption":"Loguei - INST02CONT"},"image":{"@id":"https:\/\/templates.loguei.com\/inst02cont\/#\/schema\/logo\/image\/"}}]}},"_links":{"self":[{"href":"https:\/\/templates.loguei.com\/inst02cont\/wp-json\/wp\/v2\/pages\/3","targetHints":{"allow":["GET"]}}],"collection":[{"href":"https:\/\/templates.loguei.com\/inst02cont\/wp-json\/wp\/v2\/pages"}],"about":[{"href":"https:\/\/templates.loguei.com\/inst02cont\/wp-json\/wp\/v2\/types\/page"}],"author":[{"embeddable":true,"href":"https:\/\/templates.loguei.com\/inst02cont\/wp-json\/wp\/v2\/users\/1"}],"replies":[{"embeddable":true,"href":"https:\/\/templates.loguei.com\/inst02cont\/wp-json\/wp\/v2\/comments?post=3"}],"version-history":[{"count":1,"href":"https:\/\/templates.loguei.com\/inst02cont\/wp-json\/wp\/v2\/pages\/3\/revisions"}],"predecessor-version":[{"id":788,"href":"https:\/\/templates.loguei.com\/inst02cont\/wp-json\/wp\/v2\/pages\/3\/revisions\/788"}],"wp:attachment":[{"href":"https:\/\/templates.loguei.com\/inst02cont\/wp-json\/wp\/v2\/media?parent=3"}],"curies":[{"name":"wp","href":"https:\/\/api.w.org\/{rel}","templated":true}]}}